{"id":2923,"date":"2018-05-29T14:04:55","date_gmt":"2018-05-29T12:04:55","guid":{"rendered":"http:\/\/uli-freese.de\/neu\/?page_id=2923"},"modified":"2021-10-25T13:37:20","modified_gmt":"2021-10-25T11:37:20","slug":"datenschutzerklaerung","status":"publish","type":"page","link":"https:\/\/uli-freese.de\/neu\/datenschutzerklaerung\/","title":{"rendered":"Datenschutzerkl\u00e4rung"},"content":{"rendered":"<p><strong><u>Datenschutzerkl\u00e4rung <\/u><\/strong><\/p>\n<p>Ich nehme den Schutz Ihrer Privatsph\u00e4re und Ihrer privaten Daten ernst. Ihre personenbezogenen Daten werden in \u00dcbereinstimmung mit dem Inhalt dieser Datenschutzerkl\u00e4rung sowie den anwendbaren datenschutzrechtlichen Bestimmungen, insbesondere der europ\u00e4ischen Datenschutz-Grundverordnung (DS-GVO und den nationalen Datenschutzvorschriften verarbeitet. Mit dieser Datenschutzerkl\u00e4rung m\u00f6chte ich Sie \u00fcber Umfang, Art und Weise der Datenverarbeitung im Zusammenhang mit der Nutzung meiner Webseite und bei sonstiger Kontaktaufnahme mit meinen B\u00fcros informieren.<\/p>\n<p><strong>1. Name und Anschrift der\/des Verantwortlichen <\/strong><\/p>\n<p>Ulrich Freese<br \/>\nc\/o Gesch\u00e4ftsstelle Fraktion SPD\/Landwirtschaft-Umwelt<br \/>\nCottbuser Str. 41e<br \/>\n03149 Forst\/Lausitz<\/p>\n<p>E-Mail: kontakt@ulrich-freese.de<\/p>\n<p>Tel: 03562\/7670<\/p>\n<p>&nbsp;<\/p>\n<p><strong>2. Rechtsgrundlagen der Verarbeitung <\/strong><\/p>\n<p>Soweit die Verarbeitung personenbezogener Daten zur Wahrnehmung einer Aufgabe erforderlich ist, die im \u00f6ffentlichen Interesse liegt oder in Aus\u00fcbung \u00f6ffentlicher Gewalt, die \u00fcbertragen wurde, ist die Rechtsgrundlage Art. 6 Abs. 1 lit.e, Abs. 3 DS-GVO i. V. m. \u00a7 47 AbgG, \u00a7 3 BDSG.<\/p>\n<p>Soweit wir f\u00fcr Verarbeitungsvorg\u00e4nge personenbezogener Daten eine Einwilligung der betroffenen Person einholen, dient Art.\u00a06 Abs.\u00a01 lit.\u00a0a DS-GVO als Rechtsgrundlage.<\/p>\n<p>Die Durchf\u00fchrung der statistischen Erhebungen sowie der Einsatz von Analyse-Tools und Social Plug-ins erfolgen auf Grundlage berechtigten Interesses gem. Art. 6 Abs. 1 lit. f DSGVO.<\/p>\n<p><strong>\u00a0<\/strong><\/p>\n<p><strong>3. Beschreibung und Umfang der Verarbeitung personenbezogener Daten<br \/>\n<\/strong><strong>a) beim Besuch der Website<\/strong><\/p>\n<p>Bei jedem Zugriff auf meine Seite werden die folgenden Daten gespeichert:<\/p>\n<ul>\n<li>Adresse des zugreifenden Rechners (IP-Nummer)<\/li>\n<li>Datum und Uhrzeit<\/li>\n<li>Abgerufene Seite oder Datei<\/li>\n<li>\u00dcbertragene Datenmenge<\/li>\n<li>Browsertyp, Betriebssystem, Bildschirmaufl\u00f6sung<\/li>\n<li>Die zuvor besuchte Seite (Referrer), sowie bei Besuchern, die \u00fcber eine Suchmaschine kommen, die Suchbegriffe, \u00fcber die meine Seite gefunden wurde.<\/li>\n<\/ul>\n<p>Die genannten Daten werden durch uns zu folgenden Zwecken verarbeitet:<\/p>\n<ul>\n<li>Gew\u00e4hrleistung eines reibungslosen Verbindungsaufbaus der Website,<\/li>\n<li>Gew\u00e4hrleistung einer komfortablen Nutzung unserer Website,<\/li>\n<li>Auswertung der Systemsicherheit und -stabilit\u00e4t sowie<\/li>\n<li>zu weiteren administrativen Zwecken.<\/li>\n<\/ul>\n<p>Dar\u00fcber hinaus setzen wir beim Besuch unserer Website Cookies sowie Analysedienste ein. N\u00e4here Erl\u00e4uterungen dazu unter Ziff. 5 und 6 dieser Datenschutzerkl\u00e4rung.<\/p>\n<p><strong>b) bei Kontaktaufnahme, Umgang mit Anfragen<\/strong><\/p>\n<p>Wenn Sie mir Anfragen (einschlie\u00dflich Anregungen oder Kritik) zukommen lassen (\u00fcber das Kontaktformular, per E-Mail, Post, m\u00fcndlich oder telefonisch), werden Ihre Angaben sowie die von Ihnen angegebenen Kontaktdaten zwecks Bearbeitung der Anfrage und f\u00fcr den Fall von Anschlussfragen bei uns gespeichert. Davon abgesehen werden Ihre Daten nur mit Ihrer Einwilligung weitergegeben.<\/p>\n<p><strong>c) bei Anmeldung zu unserem Aboservice (Pressemitteilungen, Newsletter, Veranstaltungshinweise, etc.)<\/strong><\/p>\n<p>Sofern Sie ausdr\u00fccklich eingewilligt haben, verwenden wir Ihre E-Mail-Adresse, um Ihnen regelm\u00e4\u00dfig Ihre gew\u00fcnschten Informationen zu \u00fcbersenden. F\u00fcr den Empfang der Informationen ist die Angabe einer E-Mail-Adresse ausreichend.<\/p>\n<p>Die Abmeldung ist jederzeit m\u00f6glich, darauf wird z.B. auch bei jedem Newsletterversand unter Angabe des Links hingewiesen. Alternativ k\u00f6nnen Sie Ihren Abmeldewunsch gerne auch jederzeit an\u00a0<a href=\"mailto:kontakt@ulrich-freese.de\">kontakt@ulrich-freese.de<\/a> per E-Mail senden.<\/p>\n<p><strong>\u00a0<\/strong><\/p>\n<p><strong>4. Datenl\u00f6schung\/Speicherdauer<\/strong><\/p>\n<p>Grunds\u00e4tzlich werden personenbezogene Daten gel\u00f6scht, sobald der Zweck der Speicherung entf\u00e4llt und der L\u00f6schung keine vertraglichen oder gesetzlichen Aufbewahrungsfristen entgegenstehen.<\/p>\n<p><strong>\u00a0<\/strong><\/p>\n<p><strong>5. Cookies<\/strong><\/p>\n<p>Um mein Internetangebot nutzerfreundlicher und effektiver zu machen, werden auf meiner Website Cookies eingesetzt. \u00a0Cookies sind kleine Textdateien, die auf Ihrem Rechner abgelegt werden und die Ihr Browser speichert. Cookies richten auf Ihrem Endger\u00e4t keinen Schaden an und enthalten keine Viren oder sonstige Schadsoftware.<\/p>\n<p>Die meisten der von uns verwendeten Cookies sind so genannte \u201eSession-Cookies\u201c, die nach Ende Ihres Besuchs automatisch gel\u00f6scht werden. Andere Cookies bleiben auf Ihrem Endger\u00e4t gespeichert, bis Sie diese l\u00f6schen. Diese Cookies erm\u00f6glichen es, Ihren Browser beim n\u00e4chsten Besuch wiederzuerkennen.<\/p>\n<p>Die meisten Browser akzeptieren Cookies automatisch. Das Speichern von Cookies kann jedoch deaktiviert oder der Browser so eingestellt werden, dass Cookies nur f\u00fcr die Dauer der jeweiligen Verbindung zum Internet gespeichert werden. Die vollst\u00e4ndige Deaktivierung von Cookies kann jedoch dazu f\u00fchren, dass die Website nur eingeschr\u00e4nkt genutzt werden kann.<\/p>\n<p><strong>6. Social Media Plugins<\/strong><\/p>\n<p>Als Abgeordnete\/r bin ich auch in verschiedenen Sozialen Medien aktiv. Sie entscheiden durch Ihren Klick auf die in das Internetangebot eingebundenen Symbole, ob Sie diese Angebote nutzen m\u00f6chten. Wenn Sie diese Soziale Medien nutzen, gelten f\u00fcr diese Anwendungen stets die Datenschutzbestimmungen des jeweiligen Dienstes. Ich bitte Sie deshalb ausdr\u00fccklich darum, vor der Nutzung die entsprechenden Datenschutzbestimmungen zu beachten, weil im Zweifelsfall bei jedem Aufruf der Sozialen Medien von Ihrem Rechner Daten unmittelbar an deren Betreiber \u00fcbertragen werden. Welche Daten erhoben, wie sie im Einzelfall verarbeitet werden, an welchem Ort und wie lange sie gespeichert werden, ist von keinem der Dienste vollumf\u00e4nglich bekannt.<\/p>\n<p><a href=\"https:\/\/www.facebook.com\/privacy\/explanation\">Datenschutzrichtlinie von Facebook\u00a0<\/a><\/p>\n<p><a href=\"https:\/\/twitter.com\/de\/privacy\">Datenschutzrichtlinie von Twitter<\/a><\/p>\n<p><a href=\"https:\/\/help.instagram.com\/155833707900388\">Datenschutzrichtlinie von Instagram<\/a><\/p>\n<p><strong>a) YouTube<\/strong><\/p>\n<p>Auf meiner Seite sind Videos eingebunden, f\u00fcr deren Wiedergabe ich ein Plug-in des von Google betriebenen Dienstes YouTube nutze. Damit m\u00f6chte ich Sie besser \u00fcber meine Arbeit informieren. \u00a0Betreiber des Dienstes ist die YouTube LLC, Cherry Ave., San Bruno, CA 94066, USA. Wenn Sie eine Seite aufrufen, auf der ein Video eingebunden ist, wird eine Verbindung zu den Servern von YouTube hergestellt. Dabei wird dem Server von YouTube mitgeteilt, welche Internetseite Sie besucht haben. Wenn Sie in Ihrem YouTube-Account eingeloggt sind, erm\u00f6glichen Sie YouTube, Ihr Surfverhalten direkt Ihrem pers\u00f6nlichen Profil zuzuordnen. Dies k\u00f6nnen Sie verhindern, indem Sie sich ausloggen. Weitere Informationen zum Umgang finden Sie in der <a href=\"https:\/\/policies.google.com\/privacy?hl=de&amp;gl=de\">Datenschutzerkl\u00e4rung von Google<\/a>, die auch f\u00fcr YouTube gilt.<\/p>\n<p><strong>b) Google Maps<\/strong><\/p>\n<p>Diese Webseite verwendet Google Maps API, um geographische Informationen visuell darzustellen. Bei der Nutzung von Google Maps werden von Google auch Daten \u00fcber die Nutzung der Kartenfunktionen durch Besucher verarbeitet. N\u00e4here Informationen \u00fcber die Datenverarbeitung durch Google k\u00f6nnen Sie\u00a0<a href=\"http:\/\/www.google.com\/privacypolicy.html\">den Google-Datenschutzhinweisen<\/a>\u00a0entnehmen.<\/p>\n<p><strong>c) Facebook<\/strong><\/p>\n<p>Auf der Website sind Plugins des sozialen Netzwerks Facebook, Anbieter Facebook Inc., 1 Hacker Way, Menlo Park, California 94025, USA, integriert. Die Facebook-Plugins erkennen Sie an dem Facebook-Logo oder dem &#8222;Like-Button&#8220; (&#8222;Gef\u00e4llt mir&#8220;) auf unserer Seite.<\/p>\n<p>Wenn Sie meine Seite besuchen, wird bei aktiviertem Plugin eine direkte Verbindung zwischen Ihrem Browser und dem Facebook-Server hergestellt. Facebook erh\u00e4lt dadurch die Information, dass Sie mit Ihrer IP-Adresse unsere Seite besucht haben. Wenn Sie den Facebook-Button anklicken, w\u00e4hrend Sie in Ihrem Facebook-Account eingeloggt sind, k\u00f6nnen Sie die Inhalte unserer Seiten auf Ihrem Facebook-Profil verlinken. Dadurch kann Facebook den Besuch unserer Seiten Ihrem Benutzerkonto zuordnen. Weitere Informationen hierzu finden Sie in der Datenschutzerkl\u00e4rung von Facebook unter\u00a0<a href=\"https:\/\/de-de.facebook.com\/policy.php\">https:\/\/de-de.facebook.com\/policy.php<\/a>.<\/p>\n<p>Indem Sie sich ausloggen, k\u00f6nnen Sie vermeiden, dass Facebook den Besuch unserer Seiten Ihrem Facebook-Nutzerkonto zuordnen kann.<\/p>\n<p><strong>d) Twitter<\/strong><\/p>\n<p>Auf meiner Seite ist Twitter eingebunden, um meine <em>(und ggf. weitere) <\/em>Tweets direkt auf meiner Homepage anzuzeigen. Daf\u00fcr wird eine Verbindung zu Twitter aufgebaut. Dabei werden Log-Daten (IP-Adresse, Browsertyp, Betriebssystem, Informationen zu der zuvor aufgerufenen Website und den von Ihnen aufgerufenen Seiten, Standort, Ihr Mobilfunkanbieter, Ger\u00e4teinformationen (einschlie\u00dflich Ger\u00e4te-ID und Anwendungs-ID), Suchbegriffe und Cookie-Informationen) an Twitter \u00fcbermittelt und ggf. Cookies auf Ihrem Rechner gesetzt. Weitere Informationen hierzu finden Sie unter der\u00a0Datenschutzrichtlinie von Twitter, <a href=\"https:\/\/twitter.com\/de\/privacy\">https:\/\/twitter.com\/de\/privacy<\/a><\/p>\n<p><strong><strong>7. Betroffenenrechte<\/strong><\/strong><\/p>\n<p><strong>a)\u00a0\u00a0\u00a0 Recht auf Auskunft &#8211;\u00a0Art.\u00a015\u00a0DS-GVO<\/strong><\/p>\n<p>Mit dem Recht auf Auskunft erh\u00e4lt der Betroffene eine umfassende Einsicht in die ihn angehenden Daten und Informationen \u00fcber einige andere wichtige Kriterien wie beispielsweise die Verarbeitungszwecke oder die Dauer der Speicherung. Es gelten neben den in Art. 15 DS-GVO vorgesehenen Ausnahmen die in \u00a7 34\u00a0BDSG\u00a0geregelten Ausnahmen von diesem Recht.<\/p>\n<p><strong>b)\u00a0\u00a0\u00a0 Recht auf Berichtigung &#8211;\u00a0Art.\u00a016\u00a0DS-GVO<\/strong><\/p>\n<p>Das Recht auf Berichtigung beinhaltet die M\u00f6glichkeit f\u00fcr den Betroffenen, unrichtige ihn angehende personenbezogene Daten korrigieren zu lassen.<\/p>\n<p><strong>c)\u00a0\u00a0\u00a0 Recht auf L\u00f6schung &#8211;\u00a0Art.\u00a017\u00a0DS-GVO<\/strong><\/p>\n<p>Das Recht auf L\u00f6schung beinhaltet die M\u00f6glichkeit f\u00fcr den Betroffenen, Daten beim Verantwortlichen l\u00f6schen zu lassen. Dies ist allerdings nur dann m\u00f6glich, wenn die ihn angehenden personenbezogenen Daten nicht mehr notwendig sind, rechtswidrig verarbeitet werden oder eine diesbez\u00fcgliche Einwilligung widerrufen wurde. Es gelten neben den in Art. 17 Abs. 3 DS-GVO vorgesehenen Ausnahmen die in \u00a7 35\u00a0BDSG geregelten Ausnahmen von diesem Recht.<\/p>\n<p><strong>d)\u00a0\u00a0\u00a0 Recht auf Einschr\u00e4nkung der Verarbeitung &#8211;\u00a0Art.\u00a018\u00a0DS-GVO<\/strong><\/p>\n<p>Das Recht auf Einschr\u00e4nkung der Verarbeitung beinhaltet die M\u00f6glichkeit f\u00fcr den Betroffenen, eine weitere Verarbeitung der ihn angehenden personenbezogenen Daten vorerst zu verhindern.<\/p>\n<p><strong>e)\u00a0\u00a0\u00a0 Recht auf Daten\u00fcbertragbarkeit &#8211;\u00a0Art.\u00a020\u00a0DS-GVO<\/strong><\/p>\n<p>Das Recht auf Daten\u00fcbertragbarkeit beinhaltet die M\u00f6glichkeit f\u00fcr den Betroffenen, die ihn angehenden personenbezogenen Daten in einem g\u00e4ngigen, maschinenlesbaren Format vom Verantwortlichen zu erhalten, um sie\u00a0ggf.\u00a0an einen anderen Verantwortlichen weiterleiten zu lassen. Gem\u00e4\u00df\u00a0Art.\u00a020\u00a0Abs.\u00a03 Satz 2\u00a0DSGVO\u00a0steht dieses Recht aber dann nicht zur Verf\u00fcgung, wenn die Datenverarbeitung der Wahrnehmung \u00f6ffentlicher Aufgaben dient.<\/p>\n<p><strong>f)\u00a0\u00a0\u00a0\u00a0 Recht auf Widerspruch &#8211;\u00a0Art.\u00a021\u00a0DS-GVO<\/strong><\/p>\n<p>Das Recht auf Widerspruch beinhaltet die M\u00f6glichkeit f\u00fcr Betroffene, in einer besonderen Situation der weiteren Verarbeitung ihrer personenbezogenen Daten zu widersprechen.<\/p>\n<p><strong>8. Datensicherheit<\/strong><\/p>\n<p>Ich verwende innerhalb des Website-Besuchs aus Sicherheitsgr\u00fcnden und zur Gew\u00e4hrleistung von Vertraulichkeit bei der \u00dcbertragung von Daten eine SSL- <em>(bzw. TLS-Verschl\u00fcsselung)<\/em>. Das erkennen Sie daran, dass die Adresszeile des Browsers von http:\/\/ auf https:\/\/ wechselt, au\u00dferdem an dem Schlo\u00dfsymbol in Ihrer Browserzeile.<\/p>\n<p>Meine Sicherheitsma\u00dfnahmen werden entsprechend der technologischen Entwicklung fortlaufend verbessert.<\/p>\n<p><strong>\u00a0<\/strong><\/p>\n<p><strong>9. Weitere Informationen und \u00c4nderungen<\/strong><\/p>\n<p><strong>Links zu anderen Websites<\/strong><\/p>\n<p>Mein Online-Angebot enth\u00e4lt Links zu anderen Websites. Diese Verlinkungen sind in der Regel als solche gekennzeichnet. Ich habe keinen Einfluss darauf, inwieweit auf den verlinkten Webseiten die geltenden Datenschutzbestimmungen eingehalten werden. Ich empfehle daher, dass Sie sich auch bei anderen Websites \u00fcber die jeweiligen Datenschutzerkl\u00e4rungen informieren.<\/p>\n<p><strong>\u00c4nderungen dieser Datenschutzerkl\u00e4rung<\/strong><\/p>\n<p>Im Zuge der (technologischen) Weiterentwicklung meiner Webseite k\u00f6nnen \u00c4nderungen dieser Datenschutzerkl\u00e4rung erforderlich werden. Daher empfehle ich, sich diese Datenschutzerkl\u00e4rung ab und zu erneut durchzulesen.<\/p>\n","protected":false},"excerpt":{"rendered":"<p>Datenschutzerkl\u00e4rung Ich nehme den Schutz Ihrer Privatsph\u00e4re und Ihrer privaten Daten ernst. Ihre personenbezogenen Daten werden in \u00dcbereinstimmung mit dem Inhalt dieser Datenschutzerkl\u00e4rung sowie den anwendbaren datenschutzrechtlichen Bestimmungen, insbesondere der europ\u00e4ischen Datenschutz-Grundverordnung (DS-GVO und den nationalen Datenschutzvorschriften verarbeitet. Mit dieser Datenschutzerkl\u00e4rung m\u00f6chte ich Sie \u00fcber Umfang, Art und Weise der Datenverarbeitung im Zusammenhang mit der [&hellip;]<\/p>\n","protected":false},"author":2,"featured_media":0,"parent":0,"menu_order":0,"comment_status":"closed","ping_status":"closed","template":"","meta":[],"_links":{"self":[{"href":"https:\/\/uli-freese.de\/neu\/wp-json\/wp\/v2\/pages\/2923"}],"collection":[{"href":"https:\/\/uli-freese.de\/neu\/wp-json\/wp\/v2\/pages"}],"about":[{"href":"https:\/\/uli-freese.de\/neu\/wp-json\/wp\/v2\/types\/page"}],"author":[{"embeddable":true,"href":"https:\/\/uli-freese.de\/neu\/wp-json\/wp\/v2\/users\/2"}],"replies":[{"embeddable":true,"href":"https:\/\/uli-freese.de\/neu\/wp-json\/wp\/v2\/comments?post=2923"}],"version-history":[{"count":8,"href":"https:\/\/uli-freese.de\/neu\/wp-json\/wp\/v2\/pages\/2923\/revisions"}],"predecessor-version":[{"id":5332,"href":"https:\/\/uli-freese.de\/neu\/wp-json\/wp\/v2\/pages\/2923\/revisions\/5332"}],"wp:attachment":[{"href":"https:\/\/uli-freese.de\/neu\/wp-json\/wp\/v2\/media?parent=2923"}],"curies":[{"name":"wp","href":"https:\/\/api.w.org\/{rel}","templated":true}]}}